{"id":723,"date":"2022-02-27T11:50:18","date_gmt":"2022-02-27T11:50:18","guid":{"rendered":"http:\/\/mit-musik-geht-reha-besser.de\/?page_id=723"},"modified":"2022-02-27T11:50:18","modified_gmt":"2022-02-27T11:50:18","slug":"nationales-register-musiktherapie","status":"publish","type":"page","link":"http:\/\/mit-musik-geht-reha-besser.de\/es\/nationales-register-musiktherapie\/","title":{"rendered":"Registro Nacional de Musicoterapia"},"content":{"rendered":"<p>15 de febrero de 2022. La musicoterapia desempe\u00f1a un papel cada vez m\u00e1s importante en programas complejos de rehabilitaci\u00f3n. Un n\u00famero cada vez mayor de musicoterapeutas en activo se encuentra actualmente con un sistema de atenci\u00f3n ambulatoria bastante deficiente. En entornos de tratamiento hospitalario, la musicoterapia suele ser parte integral de un programa de terapia multidisciplinar. Y tambi\u00e9n en <a href=\"https:\/\/bagkt.de\/implementierung\/ops\/\">procedimientos de tratamiento estandarizados,<\/a> Por ejemplo, en la rehabilitaci\u00f3n neurol\u00f3gica temprana, la terapia compleja para el Parkinson o la rehabilitaci\u00f3n neurogeri\u00e1trica, la musicoterapia es ahora reembolsable y se ha consolidado como un servicio m\u00e9dico est\u00e1ndar dentro del sistema de salud financiado por las aseguradoras. Sin embargo, el tratamiento de seguimiento tras la hospitalizaci\u00f3n suele ser imposible o dif\u00edcil. Esto se debe, en parte, a que la musicoterapia ambulatoria a\u00fan no est\u00e1 reembolsada por las aseguradoras. Adem\u00e1s, ha sido dif\u00edcil encontrar servicios de musicoterapia cualificados cerca del domicilio de los pacientes.<\/p>\n<p>Al menos esto \u00faltimo ahora ser\u00e1 m\u00e1s f\u00e1cil. La Asociaci\u00f3n Federal Alemana de Musicoterapia ha publicado un... <a href=\"https:\/\/nationales-register.bag-musiktherapie.de\/\">Registro Nacional en L\u00ednea de Musicoterapia<\/a> Se ha puesto en marcha un nuevo registro. Por primera vez, todos los musicoterapeutas certificados en Alemania est\u00e1n registrados y registrados de forma centralizada. Un proceso de certificaci\u00f3n de calidad, similar al utilizado por asociaciones profesionales de otros \u00e1mbitos, garantiza que solo musicoterapeutas con formaci\u00f3n integral y cualificados est\u00e9n incluidos en el registro. Esto aumenta significativamente la seguridad del tratamiento para los pacientes.<\/p>\n<p>Una funci\u00f3n de b\u00fasqueda interactiva permite a los usuarios buscar no solo en su zona. Los campos de b\u00fasqueda adicionales permiten encontrar terapeutas especializados en \u00e1reas como la rehabilitaci\u00f3n. Si bien esto no soluciona el problema de financiaci\u00f3n en el sector ambulatorio, al menos facilitar\u00e1 la b\u00fasqueda de un musicoterapeuta cualificado en la propia regi\u00f3n en el futuro.<\/p>\n<p style=\"text-align: right;\">El Registro Nacional de Musicoterapia se puede encontrar en l\u00ednea aqu\u00ed: <a href=\"https:\/\/nationales-register.bag-musiktherapie.de\/\">https:\/\/nationales-register.bag-musiktherapie.de\/<\/a><\/p>","protected":false},"excerpt":{"rendered":"","protected":false},"author":1,"featured_media":0,"parent":0,"menu_order":0,"comment_status":"closed","ping_status":"closed","template":"","meta":{"footnotes":""},"class_list":["post-723","page","type-page","status-publish","hentry"],"_links":{"self":[{"href":"http:\/\/mit-musik-geht-reha-besser.de\/es\/wp-json\/wp\/v2\/pages\/723","targetHints":{"allow":["GET"]}}],"collection":[{"href":"http:\/\/mit-musik-geht-reha-besser.de\/es\/wp-json\/wp\/v2\/pages"}],"about":[{"href":"http:\/\/mit-musik-geht-reha-besser.de\/es\/wp-json\/wp\/v2\/types\/page"}],"author":[{"embeddable":true,"href":"http:\/\/mit-musik-geht-reha-besser.de\/es\/wp-json\/wp\/v2\/users\/1"}],"replies":[{"embeddable":true,"href":"http:\/\/mit-musik-geht-reha-besser.de\/es\/wp-json\/wp\/v2\/comments?post=723"}],"version-history":[{"count":1,"href":"http:\/\/mit-musik-geht-reha-besser.de\/es\/wp-json\/wp\/v2\/pages\/723\/revisions"}],"predecessor-version":[{"id":724,"href":"http:\/\/mit-musik-geht-reha-besser.de\/es\/wp-json\/wp\/v2\/pages\/723\/revisions\/724"}],"wp:attachment":[{"href":"http:\/\/mit-musik-geht-reha-besser.de\/es\/wp-json\/wp\/v2\/media?parent=723"}],"curies":[{"name":"wp","href":"https:\/\/api.w.org\/{rel}","templated":true}]}}